{"id":224,"date":"2025-08-08T12:14:22","date_gmt":"2025-08-08T12:14:22","guid":{"rendered":"https:\/\/esencaninternational.com\/?post_type=tibbi_birimler&#038;p=224"},"modified":"2025-08-15T09:47:09","modified_gmt":"2025-08-15T09:47:09","slug":"cocuk-sagligi","status":"publish","type":"tibbi_birimler","link":"https:\/\/esencaninternational.com\/tr\/tibbi-birimler\/cocuk-sagligi\/","title":{"rendered":"\u00c7ocuk Sa\u011fl\u0131\u011f\u0131"},"content":{"rendered":"\n<p>\u00c7ocuk Sa\u011fl\u0131\u011f\u0131 ve Hastal\u0131klar\u0131 birimi, 0 \u2013 14 ya\u015f aras\u0131 \u00e7ocuklar ile 14 \u2013 18 ya\u015f aras\u0131ndaki ergenler i\u00e7in t\u0131bbi tan\u0131, takip ve tedavi sunan hastanemiz b\u00f6l\u00fcm\u00fcd\u00fcr. \u201cPediatri departman\u0131\u201d olarak da isimlendirilebilecek bu b\u00f6l\u00fcmde, do\u011fumdan ergenli\u011fe uzanan s\u00fcre\u00e7te bireylerin ki\u015fiselle\u015ftirilmi\u015f ve ya\u015fa uyumlanm\u0131\u015f tedaviye ihtiya\u00e7 duydu\u011fu bilinir; bu fark\u0131ndal\u0131k, tedavi program\u0131n\u0131n ayr\u0131lmaz bir bile\u015feni olarak kabul edilir.<\/p>\n\n\n\n<p>Kliniklerin yan\u0131 s\u0131ra, birimde ayr\u0131ca, yenido\u011fan \u00fcnitesi, yenido\u011fan g\u00f6zlem \u00fcnitesi ve yenido\u011fan yo\u011fun bak\u0131m \u00fcnitesi olmak \u00fczere \u00fc\u00e7 ayr\u0131 b\u00f6l\u00fcmde 0 \u2013 28 g\u00fcnl\u00fck bebekler i\u00e7in sa\u011fl\u0131k hizmeti sunulmaktad\u0131r.<\/p>\n\n\n\n<p>Bunlara ek olarak, Esencan Hastanesi \u00e7ocuk sa\u011fl\u0131\u011f\u0131 ve hastal\u0131klar\u0131 biriminde ger\u00e7ekle\u015ftirilen t\u00fcm tedavilerde, aileler s\u00fcrece d\u00e2hil edilerek, gen\u00e7 hastalar\u0131n hastanede kald\u0131klar\u0131 s\u00fcre boyunca duygusal y\u00f6nden desteklenmesi te\u015fvik edilir.<\/p>\n\n\n\n<p>\u00c7ocuk sa\u011fl\u0131\u011f\u0131 ve hastal\u0131klar\u0131 birimi, nitelikli ve deneyimli pediatri personeli ile hastalar\u0131n ihtiya\u00e7lar\u0131na cevap vermek; tedavi ve g\u00f6zlem s\u00fcre\u00e7lerini kesintisiz olarak y\u00fcr\u00fctmek ad\u0131na 7 \/ 24 randevulara a\u00e7\u0131kt\u0131r.<\/p>\n\n\n\n<h2 class=\"wp-block-heading\">\u00c7ocuk Sa\u011fl\u0131\u011f\u0131 ve Hastal\u0131klar\u0131 Birimi \u0130lgili Hizmetler<\/h2>\n\n\n\n<ul class=\"wp-block-list\">\n<li>Pediatri departman\u0131 d\u00e2hilinde a\u015fa\u011f\u0131daki hizmetler verilmektedir:<\/li>\n\n\n\n<li>\u00c7ocukluk \u00c7a\u011f\u0131 Hastal\u0131klar\u0131 (Genel Pediatri)<\/li>\n\n\n\n<li>\u00c7ocuk Kardiyolojisi \u2013 Do\u011fumsal ve Edinsel Kalp Hastal\u0131klar\u0131n\u0131n Tedavisi<\/li>\n\n\n\n<li>B\u00fcy\u00fcme &amp; Geli\u015fme Takibi \u2013 A\u015f\u0131 Takibi<\/li>\n\n\n\n<li>\u00c7ocuk Acil Poliklini\u011fi<\/li>\n\n\n\n<li>Genel Pediatrik Cerrahi<\/li>\n\n\n\n<li>Yenido\u011fan Yo\u011fun Bak\u0131m<\/li>\n<\/ul>\n","protected":false},"excerpt":{"rendered":"<p>\u00c7ocuk Sa\u011fl\u0131\u011f\u0131 ve Hastal\u0131klar\u0131 birimi, 0 \u2013 14 ya\u015f aras\u0131 \u00e7ocuklar ile 14 \u2013 18 ya\u015f aras\u0131ndaki ergenler i\u00e7in t\u0131bbi tan\u0131, takip ve tedavi sunan hastanemiz b\u00f6l\u00fcm\u00fcd\u00fcr. \u201cPediatri departman\u0131\u201d olarak da isimlendirilebilecek bu b\u00f6l\u00fcmde, do\u011fumdan ergenli\u011fe uzanan s\u00fcre\u00e7te bireylerin ki\u015fiselle\u015ftirilmi\u015f ve ya\u015fa uyumlanm\u0131\u015f tedaviye ihtiya\u00e7 duydu\u011fu bilinir; bu fark\u0131ndal\u0131k, tedavi program\u0131n\u0131n ayr\u0131lmaz bir bile\u015feni olarak [&hellip;]<\/p>\n","protected":false},"featured_media":643,"template":"","class_list":["post-224","tibbi_birimler","type-tibbi_birimler","status-publish","has-post-thumbnail","hentry"],"acf":[],"_links":{"self":[{"href":"https:\/\/esencaninternational.com\/tr\/wp-json\/wp\/v2\/tibbi_birimler\/224","targetHints":{"allow":["GET"]}}],"collection":[{"href":"https:\/\/esencaninternational.com\/tr\/wp-json\/wp\/v2\/tibbi_birimler"}],"about":[{"href":"https:\/\/esencaninternational.com\/tr\/wp-json\/wp\/v2\/types\/tibbi_birimler"}],"wp:featuredmedia":[{"embeddable":true,"href":"https:\/\/esencaninternational.com\/tr\/wp-json\/wp\/v2\/media\/643"}],"wp:attachment":[{"href":"https:\/\/esencaninternational.com\/tr\/wp-json\/wp\/v2\/media?parent=224"}],"curies":[{"name":"wp","href":"https:\/\/api.w.org\/{rel}","templated":true}]}}